{"id":1190,"date":"2025-02-28T13:33:08","date_gmt":"2025-02-28T12:33:08","guid":{"rendered":"http:\/\/juzbado.es\/nuevaweb\/?page_id=1190"},"modified":"2025-07-28T13:12:54","modified_gmt":"2025-07-28T11:12:54","slug":"agenda-urbana-de-juzbado","status":"publish","type":"page","link":"https:\/\/juzbado.es\/nuevaweb\/agenda-urbana-de-juzbado\/","title":{"rendered":"AGENDA URBANA DE JUZBADO"},"content":{"rendered":"\n<h3 class=\"wp-block-heading\">AGENDA URBANA DE JUZBADO<\/h3>\n\n\n\n<p>El 13 de septiembre se aprobaron las&nbsp;<a href=\"https:\/\/sede.mitma.gob.es\/sede_electronica\/lang_castellano\/oficinas_sectoriales\/sub_prtr\/planesaccionlocal\/default.htm\" target=\"_blank\" rel=\"noreferrer noopener\">bases reguladoras de la concesi\u00f3n de ayudas para la elaboraci\u00f3n de proyectos piloto de Planes de Acci\u00f3n local de laAgenda Urbana Espa\u00f1ola<\/a>&nbsp;y la convocatoria para la obtenci\u00f3n de subvenciones por el procedimiento de concurrencia competitiva.<\/p>\n\n\n\n<p>En total se han presentado 233 solicitudes de las que, de conformidad con la&nbsp;<a href=\"https:\/\/sede.mitma.gob.es\/sede_electronica\/lang_castellano\/oficinas_sectoriales\/sub_prtr\/planesaccionlocal\/default.htm\" target=\"_blank\" rel=\"noreferrer noopener\">Resoluci\u00f3n definitiva publicada en la sede electr\u00f3nica del MITMA el 13 de diciembre<\/a>, han resultado adjudicatarias 121 propuestas de Planes de Acci\u00f3n que, por su calidad, singularidad y capacidad ejemplarizante, pueden convertirse en Proyectos Piloto transferibles a otros muchos lugares de Espa\u00f1a. Entre los seleccionados&nbsp;<strong>se encuentra en municipio de Juzbado<\/strong>&nbsp;pero tambi\u00e9n otros municipios de mayor tama\u00f1o, Diputaciones Provinciales, un Consell insular y algunas agrupaciones de municipios. Todos ellos cubriendo ampliamente todo el territorio nacional.<\/p>\n\n\n\n<figure class=\"wp-block-image size-full is-resized\"><img loading=\"lazy\" decoding=\"async\" width=\"640\" height=\"172\" src=\"http:\/\/juzbado.es\/nuevaweb\/wp-content\/uploads\/2025\/02\/header-AGENDA-URBANA-JUZBADO.jpg\" alt=\"\" class=\"wp-image-1191\" style=\"width:759px;height:auto\" srcset=\"https:\/\/juzbado.es\/nuevaweb\/wp-content\/uploads\/2025\/02\/header-AGENDA-URBANA-JUZBADO.jpg 640w, https:\/\/juzbado.es\/nuevaweb\/wp-content\/uploads\/2025\/02\/header-AGENDA-URBANA-JUZBADO-300x81.jpg 300w\" sizes=\"(max-width: 640px) 100vw, 640px\" \/><\/figure>\n\n\n\n<p>La convocatoria responde al Programa de ayudas previsto en la inversi\u00f3n 6 del Componente 2 del Plan de Recuperaci\u00f3n, Transformaci\u00f3n y Resiliencia (PRTR) denominado \u201cImplementaci\u00f3n de la Agenda Urbana Espa\u00f1ola: Plan de rehabilitaci\u00f3n y regeneraci\u00f3n urbana\u201d, que es uno de los tres Programas que lidera el Ministerio de Transportes, Movilidad y Agenda Urbana y cuenta con un presupuesto total de 20 millones de euros.&nbsp;<\/p>\n\n\n\n<figure class=\"wp-block-image size-full is-resized\"><img loading=\"lazy\" decoding=\"async\" width=\"639\" height=\"358\" src=\"http:\/\/juzbado.es\/nuevaweb\/wp-content\/uploads\/2025\/02\/AGENDA-URBANA-BLOQUE-RESUMEN.png\" alt=\"\" class=\"wp-image-1192\" style=\"width:760px;height:auto\" srcset=\"https:\/\/juzbado.es\/nuevaweb\/wp-content\/uploads\/2025\/02\/AGENDA-URBANA-BLOQUE-RESUMEN.png 639w, https:\/\/juzbado.es\/nuevaweb\/wp-content\/uploads\/2025\/02\/AGENDA-URBANA-BLOQUE-RESUMEN-300x168.png 300w\" sizes=\"(max-width: 639px) 100vw, 639px\" \/><\/figure>\n\n\n\n<p>La Agenda Urbana de Juzbado es un documento estrat\u00e9gico, sin car\u00e1cter normativo, y por tanto de adhesi\u00f3n voluntaria, que, de conformidad con los criterios establecidos por la Agenda 2030, la nueva Agenda Urbana de las Naciones Unidas y la Agenda Urbana para la Uni\u00f3n Europea persigue el logro de la sostenibilidad en las pol\u00edticas de desarrollo urbano de nuestro pueblo. Constituye, adem\u00e1s, un m\u00e9todo de trabajo y un proceso para todos los actores, p\u00fablicos y privados, que intervienen en los pueblos y ciudades y que buscan un desarrollo equitativo, justo y sostenible desde sus distintos campos de actuaci\u00f3n.<\/p>\n\n\n\n<figure class=\"wp-block-image size-full is-resized\"><img loading=\"lazy\" decoding=\"async\" width=\"640\" height=\"298\" src=\"http:\/\/juzbado.es\/nuevaweb\/wp-content\/uploads\/2025\/02\/ejes-total.png\" alt=\"\" class=\"wp-image-1193\" style=\"width:745px;height:auto\" srcset=\"https:\/\/juzbado.es\/nuevaweb\/wp-content\/uploads\/2025\/02\/ejes-total.png 640w, https:\/\/juzbado.es\/nuevaweb\/wp-content\/uploads\/2025\/02\/ejes-total-300x140.png 300w\" sizes=\"(max-width: 640px) 100vw, 640px\" \/><\/figure>\n\n\n\n<p>La Agenda Urbana de Juzbado se inspira en la estrategia de desarrollo urbano<a href=\"https:\/\/www.aue.gob.es\/que-es-la-aue#inicio\" target=\"_blank\" rel=\"noreferrer noopener\">Agenda Urbana Espa\u00f1ola<\/a>&nbsp;cuyo contenido es fruto de un intenso trabajo de elaboraci\u00f3n y un amplio proceso participativo que ha durado casi un a\u00f1o.&nbsp;&nbsp;El&nbsp;<a href=\"https:\/\/www.aue.gob.es\/que-es-la-aue#inicio\" target=\"_blank\" rel=\"noreferrer noopener\">Dec\u00e1logo de Objetivos Estrat\u00e9gicos que despliega la Agenda<\/a>, a su vez, se reparte en un total de 30 objetivos espec\u00edficos y 291 l\u00edneas de actuaci\u00f3n, poniendo a disposici\u00f3n de quienes est\u00e9n interesados en su implementaci\u00f3n, un verdadero \u201cmen\u00fa a la carta\u201d para que puedan elaborar sus propios Planes de acci\u00f3n. Todo ello desde una amplia visi\u00f3n que incluye a todos los pueblos y ciudades con independencia de su tama\u00f1o y poblaci\u00f3n, y bajo el triple prisma de la sostenibilidad econ\u00f3mica, social y medio ambiental.<\/p>\n\n\n\n<p>La Agenda Urbana de Juzbado se desarrolla a lo largo del a\u00f1o 2022.<\/p>\n\n\n\n<p><a href=\"https:\/\/drive.google.com\/file\/d\/1azRi8YuXDcLUrhPkeOelGPN5PsyVp_NR\/view?usp=sharing\" target=\"_blank\" rel=\"noreferrer noopener\"><strong>PLAN DE ACCI\u00d3N DE LA AGENDA URBANA ESPA\u00d1OLA EN JUZBADO<\/strong><\/a><\/p>\n\n\n\n<p><strong>ANEXOS (1-21)<\/strong><\/p>\n\n\n\n<p><a href=\"https:\/\/drive.google.com\/file\/d\/1nUJjKXpTJynYzlGk7-AZAaE5X_YhZHdZ\/view?usp=sharing\" target=\"_blank\" rel=\"noreferrer noopener\"><strong>Resultados encuesta vecinal AGENDA URBANA DE JUZBADO&nbsp;<\/strong><\/a><\/p>\n\n\n\n<p><strong>NOTICIAS:&nbsp;<\/strong><\/p>\n\n\n\n<p><a href=\"https:\/\/juzbado.blogspot.com\/2022\/08\/desayuno-de-trabajo-en-torno-la-agenda.html\" target=\"_blank\" rel=\"noreferrer noopener\">Desayuno de Trabajo sobre la Agenda Urbana<\/a><\/p>\n\n\n\n<p><a href=\"https:\/\/drive.google.com\/file\/d\/1QZYknA5_UxckRCN3NA0tz-9q9krygBqk\/view?usp=sharing\" target=\"_blank\" rel=\"noreferrer noopener\">Programa de radio infantil sobre la Agenda Urbana de Juzbado<\/a><\/p>\n\n\n\n<p><a href=\"https:\/\/drive.google.com\/file\/d\/19MmtPuM9QliQje6SiUW1B4muj_IhZSM4\/view?usp=sharing\" target=\"_blank\" rel=\"noreferrer noopener\">Resultados de la Encuesta infantil sobre la Agenda Urbana de Juzbado:<\/a><\/p>\n\n\n\n<figure class=\"wp-block-image size-full\"><img loading=\"lazy\" decoding=\"async\" width=\"449\" height=\"635\" src=\"http:\/\/juzbado.es\/nuevaweb\/wp-content\/uploads\/2025\/02\/RESULTADOS-ENCUESTA-INFANTIL-AGENDA-URBANA.jpeg\" alt=\"\" class=\"wp-image-1194\" srcset=\"https:\/\/juzbado.es\/nuevaweb\/wp-content\/uploads\/2025\/02\/RESULTADOS-ENCUESTA-INFANTIL-AGENDA-URBANA.jpeg 449w, https:\/\/juzbado.es\/nuevaweb\/wp-content\/uploads\/2025\/02\/RESULTADOS-ENCUESTA-INFANTIL-AGENDA-URBANA-212x300.jpeg 212w\" sizes=\"(max-width: 449px) 100vw, 449px\" \/><\/figure>\n\n\n\n<p>&nbsp;La Agenda Urbana de Juzbado en las redes sociales:<\/p>\n\n\n\n<p><a href=\"https:\/\/www.facebook.com\/photo?fbid=445196804313437&amp;set=basw.AbrZP0BEqq3Ptk3ptPxqoeLkJAsUwglrWixRqr6g-cIS2E_J88q4SZEx107kLffUHMYGHPUPYR7qbNhmI5k4A_OCWfombt4Mj_zyirH44meTsfVc4whN1OB2cFoOIKEVdflKgkuV1K5k7W5bnzV-L3ReX0FL18pKcvZuwjFp4OLRiA&amp;opaqueCursor=Abp7-OgenOzSXs6Urg9gGPUNJvaz2CyYWx2WEPxFM02hzjnWA4butIRQmv1Gf0Tw7mRmc0vM5GubdQqiFJbl1rzWbpJAF2HtB33oeAugirUU9xTWAy6tzRb2nwIZIVp9FsEzSAJefs-h5PJqnVZjMd4uMNaDnLB5e0LTB_P10Cwy2s0lg_hbwfDQ9rJTSDH9_SGD-VfFFKKa2N65n4HtUSrQ14ibrTQjSO5SZpTD0rIA9FF6K5NYFOfcT_2ZNwYyd0OVcFxPbitA7bx0DalsB4O_u5HXPbWYTfU9-RDESKZIzda7-rzfdbKeluefSB2s1CmWl6LaarrZQ_BOy5P0HpuyhcN_pYbW6uSSY-dmHwh6IAAyiUo_icTqeyvpa0TBmrOIm-MH9LPv_oHLPiba43z3RginxQETSSewIKxNWPaHRm0WivWZ_o0c78dXczv3XIh5SWxJv4ZNoIpszFgYtuLiT2DFUjyeHv80bVY-YgpUlwNOITBHue6lhP0q3ANo0vc-x8m5VUghAJDmaILENm40C2siL9B-zLjj5c_fZpfXyvs6PyrOZfM5FI1ZKLo7mKLOb_JJDd3Y3chqefy3lgsKTVKWOdI23k-5htvrLFyvC2m0lh7uGlLQBwzuaVEklqkqoaGCClpvd3fcJWcSmcibNCDd5Ry77Vi2ajeOj6yjnbKbwjLz31g-l0r7VHZMVgTKDgbdMXzp31oa6AEWX4FTe3Nhmq6rYHCh9AjkCHj-Lqy8rDdynQd8AX9Bv2hX4VRxBaKkX1MbT0OhPAboSP6qooBoN09-ZMgBMbDrZ3b1_hdvtvb4W1X_uN7AK8pB81lnevzNkULZxxnLj7vNu6GPyDKe5wCWL-fe_rNihif6K0F9Dny8WHgtX_XRM9PoiJaX66td-eqDjadmZ8Y8gqRj_WvTMqJT4zvC7vNqKON_4Q\" target=\"_blank\" rel=\"noreferrer noopener\">El pueblo de Juzbado firma el Protocolo de Actuaci\u00f3n de los Proyectos Piloto de los Planes de Acci\u00f3n Local de la Agenda Urbana en la sede del Ministerio de Transportes, Movilidad y Agenda Urbana en compa\u00f1\u00eda de la ministra Raquel S\u00e1nchez Jim\u00e9nez y representantes p\u00fablicos de otros ayuntamientos y diputaciones.<\/a><\/p>\n\n\n\n<p><a href=\"https:\/\/twitter.com\/juzbadoayto\/status\/1557004002029670400\" target=\"_blank\" rel=\"noreferrer noopener\">El Desayuno&nbsp;de&nbsp;trabajo sobre la&nbsp;<\/a><a>#Agenda<\/a>&nbsp;Urbana&nbsp;de&nbsp;<a>#Juzbado<\/a><a href=\"https:\/\/twitter.com\/juzbadoayto\/status\/1557004002029670400\" target=\"_blank\" rel=\"noreferrer noopener\">&nbsp;aglutina a vecinos para presentar avances y resultados del trabajo que se lleva haciendo desde hace meses.&nbsp;<\/a><\/p>\n\n\n\n<p><a href=\"https:\/\/twitter.com\/juzbadoayto\/status\/1564986486402990081\" target=\"_blank\" rel=\"noreferrer noopener\">En el marco de la AGENDA URBANA DE&nbsp;<\/a><a>#JUZBADO<\/a>, se est\u00e1n realizando un conjunto de encuestas vecinales. Toda aquella persona que desee participar puede ponerse en contacto con la ODL a trav\u00e9s del correo juzbadolibroabierto@gmail.com&nbsp;<\/p>\n\n\n\n<h2 class=\"wp-block-heading\"><a href=\"https:\/\/www.instagram.com\/juzbado\/\"><\/a><\/h2>\n\n\n\n<p><a href=\"https:\/\/www.instagram.com\/p\/ChAPKDnsJHy\/\" target=\"_blank\" rel=\"noreferrer noopener\">La Agenda Urbana de Juzbado es un documento estrat\u00e9gico que se inspira en los criterios establecidos por la Agenda 2030, la nueva Agenda Urbana de las Naciones Unidas y la Agenda Urbana para la Uni\u00f3n Europea. El objetivo de la Agenda Urbana es lograr la sostenibilidad en las pol\u00edticas de desarrollo urbano de nuestro pueblo.<\/a><\/p>\n\n\n\n<p><\/p>\n\n\n\n<figure class=\"wp-block-image aligncenter\"><a href=\"https:\/\/blogger.googleusercontent.com\/img\/a\/AVvXsEgwjnk83N6v81_szZ4RPhkz1oVtv_8xdnzdjfTon9G4LQ-g4IAfBtwetWiRHh-KtQNfJuyCSaakkIzSKmRWJSltoQjGc761go7t8fYbPn3ObzuGJj5xxwk4DoyIVkcO5nKrEMdyrbyyk6TWwJLofe_olYcSGKkhCb8f-JZgbVZeR9zcny1pCq7VVqc9\"><img decoding=\"async\" src=\"https:\/\/blogger.googleusercontent.com\/img\/a\/AVvXsEgwjnk83N6v81_szZ4RPhkz1oVtv_8xdnzdjfTon9G4LQ-g4IAfBtwetWiRHh-KtQNfJuyCSaakkIzSKmRWJSltoQjGc761go7t8fYbPn3ObzuGJj5xxwk4DoyIVkcO5nKrEMdyrbyyk6TWwJLofe_olYcSGKkhCb8f-JZgbVZeR9zcny1pCq7VVqc9\" alt=\"\"\/><\/a><\/figure>\n","protected":false},"excerpt":{"rendered":"<p>AGENDA URBANA DE JUZBADO El 13 de septiembre se aprobaron las&nbsp;bases reguladoras de la concesi\u00f3n de ayudas para la elaboraci\u00f3n de proyectos piloto de Planes de Acci\u00f3n local de laAgenda Urbana Espa\u00f1ola&nbsp;y la convocatoria para la obtenci\u00f3n de subvenciones por el procedimiento de concurrencia competitiva. En total se han presentado 233 solicitudes de las que, [&hellip;]<\/p>\n","protected":false},"author":1,"featured_media":1649,"parent":0,"menu_order":0,"comment_status":"closed","ping_status":"closed","template":"","meta":{"saved_in_kubio":true,"footnotes":""},"class_list":["post-1190","page","type-page","status-publish","has-post-thumbnail","hentry"],"kubio_ai_page_context":{"short_desc":"","purpose":"general"},"_links":{"self":[{"href":"https:\/\/juzbado.es\/nuevaweb\/wp-json\/wp\/v2\/pages\/1190","targetHints":{"allow":["GET"]}}],"collection":[{"href":"https:\/\/juzbado.es\/nuevaweb\/wp-json\/wp\/v2\/pages"}],"about":[{"href":"https:\/\/juzbado.es\/nuevaweb\/wp-json\/wp\/v2\/types\/page"}],"author":[{"embeddable":true,"href":"https:\/\/juzbado.es\/nuevaweb\/wp-json\/wp\/v2\/users\/1"}],"replies":[{"embeddable":true,"href":"https:\/\/juzbado.es\/nuevaweb\/wp-json\/wp\/v2\/comments?post=1190"}],"version-history":[{"count":2,"href":"https:\/\/juzbado.es\/nuevaweb\/wp-json\/wp\/v2\/pages\/1190\/revisions"}],"predecessor-version":[{"id":1196,"href":"https:\/\/juzbado.es\/nuevaweb\/wp-json\/wp\/v2\/pages\/1190\/revisions\/1196"}],"wp:featuredmedia":[{"embeddable":true,"href":"https:\/\/juzbado.es\/nuevaweb\/wp-json\/wp\/v2\/media\/1649"}],"wp:attachment":[{"href":"https:\/\/juzbado.es\/nuevaweb\/wp-json\/wp\/v2\/media?parent=1190"}],"curies":[{"name":"wp","href":"https:\/\/api.w.org\/{rel}","templated":true}]}}